{"id":1878,"date":"2014-10-27T17:58:13","date_gmt":"2014-10-27T17:58:13","guid":{"rendered":"http:\/\/www.mataroempresa.cat\/que-quereis-hacer\/comenca\/"},"modified":"2023-01-19T08:51:44","modified_gmt":"2023-01-19T08:51:44","slug":"empieza","status":"publish","type":"page","link":"https:\/\/www.mataroempresa.cat\/es\/empieza\/","title":{"rendered":"Empieza"},"content":{"rendered":"<section class=\"cs-section\"><div class=\"container\"><div class=\"row\"><div class=\"col-md-12\"><div class=\"cs-column-text\"><div style=\"\" class=\"parentlayerslidercont\">\n<div data-slider_options=\"{&quot;width&quot;:&quot;848&quot;,&quot;height&quot;:&quot;250&quot;,&quot;autoplay_delay&quot;:&quot;6000&quot;,&quot;slide_bgcolor&quot;:&quot;#fff&quot;,&quot;slide_order&quot;:&quot;seq&quot;,&quot;slide_animation&quot;:&quot;fade&quot;,&quot;slider_shadow&quot;:&quot;1&quot;,&quot;arrow_color&quot;:&quot;#fff&quot;,&quot;arrow_size&quot;:1,&quot;thumbnails_position&quot;:&quot;bottom&quot;,&quot;dots_color&quot;:&quot;#000&quot;,&quot;dots_border_color&quot;:&quot;#000&quot;,&quot;dots_size&quot;:10,&quot;dots_position&quot;:&quot;bottom&quot;,&quot;selected_thumb_border_color&quot;:&quot;#000&quot;,&quot;slider_border_color&quot;:&quot;#fff&quot;,&quot;custom_css&quot;:&quot;&quot;,&quot;is_responsive&quot;:true,&quot;auto_start&quot;:false,&quot;pause_on_mouse_over&quot;:false,&quot;autoplay_vid&quot;:false,&quot;pause_slideshow_vid&quot;:true,&quot;full_width&quot;:false,&quot;thumbnails&quot;:false,&quot;thumbnails_arrow&quot;:false,&quot;full_screen&quot;:false,&quot;is_text_responsive&quot;:false,&quot;nav_arrows&quot;:false,&quot;nav_dots&quot;:false,&quot;is_slider_border_color&quot;:false,&quot;lazy_load&quot;:false,&quot;slider_order&quot;:&quot;seq&quot;}\" class=\"slider-pro wprlslayerslider\" id=\"slider3963\" data-sliderid=\"3963\" data-iwidth=\"848\" data-iheight=\"250\">\n    <div class=\"sp-slides\">\n    \t                <div class=\"sp-slide sp-slide0\" data-slideid=\"39631\" data-slideduration=\"1000\" data-animation=\"fade\">\n\n                        \n                        \n            <img class=\"sp-image\" alt=\"\" src=\"http:\/\/www.mataroempresa.cat\/wp-content\/uploads\/2014\/11\/comenca-el-teu-negoci-02.jpg\" \/>\n            \n            \n                        \n                               \n            <\/div>\n    \t    \n<\/div>\n<\/div>\n<\/div> <!-- end slider -->\n<!-- CUSTOM CSS -->\n<style><\/style>\n<!-- END CUSTOM CSS --><hr class=\"cs-space\" style=\"margin-top:60px\"><\/p>\n<\/div><\/div><\/div><\/div><\/section><section class=\"cs-section\"><div class=\"container\"><div class=\"row\"><div class=\"col-md-3\"><div class=\"cs-column-text\"><div class=\"page-sidebar sidebar-left\"><aside id=\"sidebar\"><div class=\"route_widget widget_nav_menu\"><div class=\"menu-comenca-cast-container\"><ul id=\"menu-comenca-cast\" class=\"menu\"><li id=\"menu-item-2122\" class=\"menu-item menu-item-type-custom menu-item-object-custom menu-item-2122\"><a href=\"http:\/\/www.mataroempresa.cat\/es\/que-quereis-hacer\/empieza\/\">Obligaciones legales a tener en cuenta<\/a><\/li>\n<li id=\"menu-item-2120\" class=\"menu-item menu-item-type-post_type menu-item-object-page menu-item-2120\"><a href=\"https:\/\/www.mataroempresa.cat\/es\/empieza\/localizacion-del-negocio\/\">Localizaci\u00f3n del negocio<\/a><\/li>\n<li id=\"menu-item-2119\" class=\"menu-item menu-item-type-post_type menu-item-object-page menu-item-2119\"><a href=\"https:\/\/www.mataroempresa.cat\/es\/empieza\/financiacion\/\">Financiaci\u00f3n<\/a><\/li>\n<li id=\"menu-item-2117\" class=\"menu-item menu-item-type-post_type menu-item-object-page menu-item-2117\"><a href=\"https:\/\/www.mataroempresa.cat\/es\/empieza\/bolsa-trabajo-y-practicas\/\">Bolsa de trabajo y pr\u00e1ticas<\/a><\/li>\n<li id=\"menu-item-2118\" class=\"menu-item menu-item-type-post_type menu-item-object-page menu-item-2118\"><a href=\"https:\/\/www.mataroempresa.cat\/es\/empieza\/concursos-y-licitaciones-publicas\/\">Oportunidades de negocio en concursos y licitaciones p\u00fablicas<\/a><\/li>\n<li id=\"menu-item-2121\" class=\"menu-item menu-item-type-post_type menu-item-object-page menu-item-2121\"><a href=\"https:\/\/www.mataroempresa.cat\/es\/empieza\/otras-gestiones\/\">Otras gestiones<\/a><\/li>\n<\/ul><\/div><\/div><\/aside><\/div>\n<\/div><\/div><div class=\"col-md-9\"><div class=\"cs-column-text\"><p><hr class=\"cs-space\" style=\"margin-top:70 px\"><div class=\"cs-column-text\"><\/div>\n<h3><span style=\"color: #009ee0;\">\u00bfQu\u00e9 hay que tener en cuenta y qu\u00e9 tr\u00e1mites se han de realizar para iniciar un negocio?<\/span><\/h3>\n<p>Seg\u00fan el lugar donde interese ubicar la actividad, pueden haber ordenaciones urban\u00edsticas que regulen y limiten el tipo de establecimientos. Se tiene que tener en cuenta previamente a la apertura de negocio, que se tiene que efectuar el tr\u00e1mite de legalizaci\u00f3n de las instalaciones. Tambi\u00e9n han obligaciones que tienen que ver con el pago de tributos y con la prevenci\u00f3n y la seguridad de las instalaciones y los establecimientos de la empresa. Tambi\u00e9n habr\u00e1 que constituir la empresa y adoptar una forma jur\u00eddica.<\/p>\n<ul>\n<li>Comunicados y licencias municipales<\/li>\n<li>Otros tr\u00e1mites municipales<\/li>\n<li>Constituci\u00f3n de la empresa y tipo de personalidad jur\u00edfica<\/li>\n<li>Otras obligaciones seg\u00fan el tipo de actividad<\/li>\n<li>Obligaciones fiscales y laborales<\/li>\n<\/ul>\n<p><!--more--><\/p>\n<\/div><\/div><\/div><\/div><\/section><section class=\"cs-section\"><div class=\"container\"><div class=\"row\"><div class=\"col-md-12\"><div class=\"cs-column-text\"><p><hr class=\"cs-space\" style=\"margin-top:40px\"><div class=\"cs-column-text\"><\/div>\n<h3><span style=\"color: #009ee0;\">Comunicados y Licencias municipales<\/span><\/h3>\n<h4>Pasos previos antes de la apertura del negocio<\/h4>\n<\/div><\/div><\/div><\/div><\/section><section class=\"cs-section\"><div class=\"container\"><div class=\"row\"><div class=\"col-md-6\"><div class=\"cs-column-text\"><p><hr class=\"cs-space\" style=\"margin-top:50 px\"><div class=\"cs-column-text\"><\/div><div class=\"cs-divider-icon text-center\"><div class=\"cs-divider-icon-inner\"><span class=\"cs-dropcap cs-dropcap-bgcolor cs-dropcap-circle\" style=\"color:#ffffff;background-color:#009ee0;\">1<\/span><\/div><\/div>Seg\u00fan el lugar donde interese ubicar el negocio, pueden haber condiciones urban\u00edsticas que regulen y\/o limiten el tipo de establecimientos que se pueden abrir en cada zona de la ciudad.<\/p>\n<ul>\n<li>Comprueba la cualificaci\u00f3n urban\u00edstica de la direcci\u00f3n del local en el <a href=\"http:\/\/www.mataro.cat\/web\/portal\/ca\/urbanisme\/planejament\/planols\/index.html\" target=\"_blank\" rel=\"noopener\">Plano del Pla General d&#8217;Ordenaci\u00f3 de Matar\u00f3<\/a><\/li>\n<li>Consulta si la actividad que se quiere realizar es compatible con el planeamiento vigente en la<a href=\"http:\/\/www.mataro.cat\/web\/portal\/ca\/urbanisme\/planejament\/index.html\" target=\"_blank\" rel=\"noopener\"> zona urban\u00edstica correspondiente.<\/a><\/li>\n<\/ul>\n<p>Esta informaci\u00f3n tambi\u00e9n se puede solicitar por tel\u00e9fono en el n\u00famero\u00a0<strong>937582200,\u00a0<\/strong>opci\u00f3n 4 de informaci\u00f3n urban\u00edstica o por mail:\u00a0 <a href=\"mailto:informaciourbanistica@ajmataro.cat\">informaciourbanistica@ajmataro.cat<\/a><\/p>\n<\/div><\/div><div class=\"col-md-6\"><div class=\"cs-column-text\"><p><hr class=\"cs-space\" style=\"margin-top:50 px\"><div class=\"cs-column-text\"><\/div><div class=\"cs-divider-icon text-center\"><div class=\"cs-divider-icon-inner\"><span class=\"cs-dropcap cs-dropcap-bgcolor cs-dropcap-circle\" style=\"color:#ffffff;background-color:#009ee0;\">2<\/span><\/div><\/div>Comprueba las limitaciones establecidas en el <a href=\"http:\/\/www.mataro.cat\/web\/portal\/contingut\/document\/normativa\/reglaments\/docs\/reglament_activitats.pdf\" target=\"_blank\" rel=\"noopener\">Reglamento de Actividades de Matar\u00f3.<\/a><\/p>\n<p>Antes de poner en funcionamiento\u00a0el negocio, para la apertura de las actividades, instalaciones o establecimientos, se ha de efectuar el tr\u00e1mite de legalizaci\u00f3n de las instalaciones. Este es un acto previo al incio de cualquier actividad empresarial ubicada en un local.<\/p>\n<p>En funci\u00f3n de las caracter\u00edsticas de la actividad y del local,\u00a0<a href=\"http:\/\/www.mataro.cat\/web\/portal\/ca\/Ajuntament\/Aciutadana\/tramits\/detall\/docs\/activitats\/FM1136_Classificacio_activitats.pdf\" target=\"_blank\" rel=\"noopener\">Classificaci\u00f3n de las actividades<\/a>\u00a0corresponde a una tramitaci\u00f3n u otra.<\/p>\n<ul>\n<li><a href=\"https:\/\/serveisweb.mataro.cat\/tramits\/public\/ovac\/detallTramit.do?path=\/ca\/Ajuntament\/Aciutadana\/tramits\/detall\/llicencies_dactivitats_comunicacio_previa_annex_iv.2.html\" target=\"_blank\" rel=\"noopener\">R\u00e9gimen de declaraci\u00f3n responsable, anexo IV. 2<\/a><\/li>\n<li><a href=\"https:\/\/serveisweb.mataro.cat\/tramits\/public\/ovac\/detallTramit.do?path=\/ca\/Ajuntament\/Aciutadana\/tramits\/detall\/llicencies_dactivitats_comunicacio_previa_annex_iv.1.html\" target=\"_blank\" rel=\"noopener\">R\u00e9gimen de comunicaci\u00f3n de actividad con proyecto t\u00e9cnico, anexo IV. 1<\/a><\/li>\n<li><a href=\"https:\/\/serveisweb.mataro.cat\/tramits\/public\/ovac\/detallTramit.do?path=\/ca\/Ajuntament\/Aciutadana\/tramits\/detall\/llicencies_dactivitats_llicencia_municipal.html\" target=\"_blank\" rel=\"noopener\">R\u00e9gimen de licencia municipa<\/a>l<\/li>\n<li><a href=\"https:\/\/serveisweb.mataro.cat\/tramits\/public\/ovac\/detallTramit.do?path=\/ca\/Ajuntament\/Aciutadana\/tramits\/detall\/llicencies_dactivitats_comunicacio_previa_annex_iii.html\" target=\"_blank\" rel=\"noopener\">R\u00e9gimen de comunicaci\u00f3n ambiental, anexo III<\/a><\/li>\n<li><a href=\"https:\/\/serveisweb.mataro.cat\/tramits\/public\/ovac\/detallTramit.do?path=\/ca\/Ajuntament\/Aciutadana\/tramits\/detall\/llicencies_dactivitats_llicencia_ambiental_annex_ii.html\" target=\"_blank\" rel=\"noopener\">R\u00e9gimen de licencia ambiental, anexo II<\/a><\/li>\n<li><a href=\"https:\/\/serveisweb.mataro.cat\/tramits\/public\/ovac\/detallTramit.do?path=\/ca\/Ajuntament\/Aciutadana\/tramits\/detall\/llicencies_dactivitats_comunicacio_previa_activitat_recreativa.html\" target=\"_blank\" rel=\"noopener\">R\u00e9gimen de comunicaci\u00f3n de actividades recreativas<\/a><\/li>\n<li><a href=\"https:\/\/serveisweb.mataro.cat\/tramits\/public\/ovac\/detallTramit.do?path=\/ca\/Ajuntament\/Aciutadana\/tramits\/detall\/llicencies_dactivitats_llicencia_activitat_recreativa.html\" target=\"_blank\" rel=\"noopener\">R\u00e9gimen de licencias de actividades recreativas<\/a><\/li>\n<li><a href=\"https:\/\/serveisweb.mataro.cat\/tramits\/public\/ovac\/detallTramit.do?path=\/ca\/Ajuntament\/Aciutadana\/tramits\/detall\/llicencies_dactivitats_comunicacio_previa_d_inici_activitat_habitatge_d_us_turistic\" target=\"_blank\" rel=\"noopener\">R\u00e9gimen de comunicaci\u00f3n de actividad vivienda\u00a0y uso tur\u00edstico<\/a><\/li>\n<li><a href=\"https:\/\/serveisweb.mataro.cat\/tramits\/public\/ovac\/detallTramit.do?path=\/ca\/Ajuntament\/Aciutadana\/tramits\/detall\/llicencies_dactivitats_comunicacio_previa_de_canvi_de_nom.html\" target=\"_blank\" rel=\"noopener\">Comunicaci\u00f3n de traspaso \/ cambio de turno<\/a><\/li>\n<\/ul>\n<p>Estas tramitaciones est\u00e1n sujetas a liquidaci\u00f3n de la tasa correspondiente.<\/p>\n<p>Para <strong>actividades comerciales con superficie de venta igual o superior a 2.500 m\u00b2<\/strong>, se tiene que\u00a0tramitar la <a href=\"http:\/\/www20.gencat.cat\/portal\/site\/OVT\/menuitem.8d9f3f7e23c1cd519e629e30b0c0e1a0\/?vgnextoid=18db44cc1d748310VgnVCM1000008d0c1e0aRCRD&amp;vgnextchannel=18db44cc1d748310VgnVCM1000008d0c1e0aRCRD&amp;vgnextfmt=detall&amp;contentid=cb4907ac06daa31007ac06daa3108d0c1e0aRCRD\" target=\"_blank\" rel=\"noopener\">licencia comercial<\/a> delante la Direcci\u00f3n general competente en materia de comercio de la Generalitat de Catalunya (art\u00edculo 19 del Decreto ley 1\/2009, de 22 de diciembre). El otorgamiento de la licencia comercial tendr\u00e1 que ser previa a la solicitud de la licencia de obras.<\/p>\n<\/div><\/div><\/div><\/div><\/section><section class=\"cs-section\"><div class=\"container\"><div class=\"row\"><div class=\"col-md-6\"><div class=\"cs-column-text\"><p><hr class=\"cs-space\" style=\"margin-top:50 px\"><div class=\"cs-column-text\"><\/div><div class=\"cs-divider-icon text-center\"><div class=\"cs-divider-icon-inner\"><span class=\"cs-dropcap cs-dropcap-bgcolor cs-dropcap-circle\" style=\"color:#ffffff;background-color:#009ee0;\">3<\/span><\/div><\/div>Si se trata de la implantaci\u00f3n de una actividad en un edificio existente, habr\u00e1 que comprobar que el local se ajusta a los <strong>requerimientos de accesibilidad.<\/strong>\u00a0<a href=\"http:\/\/www20.gencat.cat\/portal\/site\/bsf\/menuitem.318327c7107bbec91285ea75b0c0e1a0\/?vgnextoid=f34661a608377310VgnVCM2000009b0c1e0aRCRD\" target=\"_blank\" rel=\"noopener\">Tabla\u00a0de Accesibilidad a las Actividades de Catalu\u00f1a<\/a>, <strong>incendios, y otras normativas de aplicaci\u00f3n por el desarrollo de esta actividad.<\/strong><\/p>\n<\/div><\/div><div class=\"col-md-6\"><div class=\"cs-column-text\"><p><hr class=\"cs-space\" style=\"margin-top:50 px\"><div class=\"cs-column-text\"><\/div><div class=\"cs-divider-icon text-center\"><div class=\"cs-divider-icon-inner\"><span class=\"cs-dropcap cs-dropcap-bgcolor cs-dropcap-circle\" style=\"color:#ffffff;background-color:#009ee0;\">4<\/span><\/div><\/div><strong>Si se necesitan realizar obras de adecuaci\u00f3n en el establecimiento<\/strong>, se han de solicitar la correspondiente licencia de obras. Pueden haber diferentes formatos de tr\u00e1mite, en funci\u00f3n de la envergadura de las obras. La tramitaci\u00f3n de la licencia de obras seg\u00fan la actividad puede ser anterior, simult\u00e1nea o posterior a la tramitaci\u00f3n de la licencia de actividad.<\/p>\n<ul>\n<li><a href=\"https:\/\/serveisweb.mataro.cat\/tramits\/public\/ovac\/detallTramit.do?path=\/ca\/Ajuntament\/Aciutadana\/tramits\/detall\/llicencies_dobres_comunicacio_previa_per_instalallacio_delements_visibles_des_de_la_via_publica_retols.html\" target=\"_blank\" rel=\"noopener\">Comunicaci\u00f3n previa para instalaci\u00f3n de elementos visibles desde la via p\u00fablica (r\u00f3tulos, toldos, marquesinas&#8230;)<\/a><\/li>\n<li><a href=\"https:\/\/serveisweb.mataro.cat\/tramits\/public\/ovac\/detallTramit.do?path=\/ca\/Ajuntament\/Aciutadana\/tramits\/detall\/llicencies_dobres_comunicacio_previa_dobres_per_a_manteniment_i_reparacio_de_facanes.html\" target=\"_blank\" rel=\"noopener\">Comunicaci\u00f3n previa de obras para reparaci\u00f3n y mantenimiento de fachadas (aparadores)<\/a><\/li>\n<li><a href=\"https:\/\/serveisweb.mataro.cat\/tramits\/public\/ovac\/detallTramit.do?path=\/ca\/Ajuntament\/Aciutadana\/tramits\/detall\/llicencies_dobres_comunicacio_previa_dobres_sense_projecte.html\" target=\"_blank\" rel=\"noopener\">Comunicaci\u00f3n previa de obras sin proyecto, para adecuaciones del local sin modificar la distribuci\u00f3n<\/a><\/li>\n<li><a href=\"https:\/\/serveisweb.mataro.cat\/tramits\/public\/ovac\/detallTramit.do?path=\/ca\/Ajuntament\/Aciutadana\/tramits\/detall\/llicencies_dobres_comunicacio_previa_dobres_amb_projecte.html\" target=\"_blank\" rel=\"noopener\">Comunicaci\u00f3n previa de obras con documentaci\u00f3n t\u00e9cnica (o proyecto), redistribuciones de locales peque\u00f1os, sin afectaci\u00f3n estructural<\/a><\/li>\n<li><a href=\"https:\/\/serveisweb.mataro.cat\/tramits\/public\/ovac\/detallTramit.do?path=\/ca\/Ajuntament\/Aciutadana\/tramits\/detall\/llicencies_dobres_llicencia_dobres_menors.html\" target=\"_blank\" rel=\"noopener\">Licencia de obras menores<\/a><\/li>\n<\/ul>\n<p><strong>Pod\u00e9is realizar estos tr\u00e1mites personalmente en:<\/strong><\/p>\n<p><a href=\"http:\/\/www.mataro.cat\/web\/portal\/ca\/Ajuntament\/Aciutadana\/index.html\" target=\"_blank\" rel=\"noopener\">Oficina de Atenci\u00f3n y Informaci\u00f3n de el Servicio de Licencias y Discplina de Obras y Actividades, o en el Servicio de Atenci\u00f3n Ciudadana.<\/a><\/p>\n<\/div><\/div><\/div><\/div><\/section><section class=\"cs-section\"><div class=\"container\"><div class=\"row\"><div class=\"col-md-12\"><div class=\"cs-column-text\"><hr class=\"cs-divider cs-divider-solid-dashed\" style=\"border-color:#1e73be;\" \/>\n<\/div><\/div><\/div><\/div><\/section><section class=\"cs-section\"><div class=\"container\"><div class=\"row\"><div class=\"col-md-6\"><div class=\"cs-column-text\"><p><hr class=\"cs-space\" style=\"margin-top:20 px\"><div class=\"cs-column-text\"><\/div>\n<h3><span style=\"color: #009ee0;\">Otros tr\u00e1mites municipales<\/span><\/h3>\n<p>Existen otras tramitaciones municipales relacionadas que te pueden interesar en funci\u00f3n del tipo de negocio. Algunas pueden ser previas a la apertura y otras se pueden tramitar una vez iniciada la actividad:<\/p>\n<ul>\n<li><a href=\"https:\/\/serveisweb.mataro.cat\/tramits\/public\/ovac\/detallTramit.do?path=\/ca\/Ajuntament\/Aciutadana\/tramits\/detall\/llicencies_dactivitats_permis_per_ocupar_la_via_publica_amb_objectes_vinculats_a_les_activitats_comercials.html#Again-No-back-button\" target=\"_blank\" rel=\"noopener\">Permiso para ocupar la via p\u00fablica con objetos vinculados a las actividades comerciales.<\/a><\/li>\n<li><a href=\"https:\/\/serveisweb.mataro.cat\/tramits\/public\/ovac\/detallTramit.do?path=\/ca\/Ajuntament\/Aciutadana\/tramits\/detall\/llicencies_dactivitats_permis_per_ocupar_la_via_publica_amb_objectes_vinculats_a_les_activitats_de_restauracio_i_degustacio_terrasses.html#Again-No-back-button\" target=\"_blank\" rel=\"noopener\">Terrazas: permiso para ocupar la v\u00eda p\u00fablica con objetos vinculados a las actividades de restauraci\u00f3n y degustaci\u00f3n<\/a><\/li>\n<li><strong>Gesti\u00f3n de residuos<\/strong>: generar\u00e9is diferentes tipos de residuos y<a href=\"https:\/\/serveisweb.mataro.cat\/tramits\/public\/ovac\/detallTramit.do?path=\/ca\/Ajuntament\/Aciutadana\/tramits\/detall\/brossa_comercial_preu_public_210.html#Again-No-back-button\" target=\"_blank\" rel=\"noopener\"> anualmente tendr\u00e9is que pagar la correspondiente tasa<\/a>.<\/li>\n<li><strong>Con\u00a0el <a href=\"http:\/\/www.mataro.cat\/web\/portal\/ca\/salut\/index.html\" target=\"_blank\" rel=\"noopener\">Servicio de Salud P\u00fablica<\/a><\/strong>: consultar si necesit\u00e1is un registro sanitario. Dirigiros cu\u00e1ndo teng\u00e1is productos alimentarios, hag\u00e1is restauraci\u00f3n, si quer\u00e9is o ofrec\u00e9is servicios de tatuajes y piercings o para n\u00facleos zool\u00f3gicos.<\/li>\n<\/ul>\n<\/div><\/div><div class=\"col-md-6\"><div class=\"cs-column-text\"><p><hr class=\"cs-space\" style=\"margin-top:20 px\"><div class=\"cs-column-text\"><\/div><div class=\"cs-column-text\"><\/div><a href=\"https:\/\/serveisweb.mataro.cat\/tramits\/public\/ovac.do?idtab=2#no-back-button\" target=\"_blank\" rel=\"noopener\">La Oficina Virtual de Tr\u00e1mites del Ayuntamiento de Matar\u00f3<\/a> es el portal web que recoje la informaci\u00f3n de todos los tr\u00e1mites del Ayuntamiento de Matar\u00f3 dirigidos a la ciudadania, la empresa, los locales y las entidades de manera on-line.<\/p>\n<p><a href=\"https:\/\/serveisweb.mataro.cat\/tramits\/public\/ovac.do?idtab=2#no-back-button\" target=\"_blank\" rel=\"noopener\"><img decoding=\"async\" loading=\"lazy\" class=\"aligncenter wp-image-1741 size-full\" src=\"http:\/\/www.mataroempresa.cat\/wp-content\/uploads\/2014\/10\/Ban_OficinaVirtual.gif\" alt=\"Ban_OficinaVirtual\" width=\"173\" height=\"104\" \/><\/a><\/p>\n<\/div><\/div><\/div><\/div><\/section><section class=\"cs-section\"><div class=\"container\"><div class=\"row\"><div class=\"col-md-12\"><div class=\"cs-column-text\"><hr class=\"cs-divider\" style=\"border-color:#1e73be;\" \/>\n<\/div><\/div><\/div><\/div><\/section><section class=\"cs-section\"><div class=\"container\"><div class=\"row\"><div class=\"col-md-12\"><div class=\"cs-column-text\"><hr class=\"cs-space\" style=\"margin-top:50 px\">\n<\/div><\/div><\/div><\/div><\/section><section class=\"cs-section\"><div class=\"container\"><div class=\"row\"><div class=\"col-md-6\"><div class=\"cs-column-text\"><h3><span style=\"color: #009ee0;\">Formas jur\u00eddicas y tr\u00e1mites para la constituci\u00f3n de la empresa<\/span><\/h3>\n<p>Una de las primeras decisiones en adoptar por los emrpendedores o emprendedoras de una nueva empresa, una vez estudiado el Plan de empresa i la obtenci\u00f3n de recursos, es la elecci\u00f3n entre las diferentes formas jur\u00eddicas de constituci\u00f3n que puede adoptar la empresa (aut\u00f3nomo, sociedad civil, limitada, an\u00f3nima&#8230;)<\/p>\n<p>Tambi\u00e9n ser\u00e1 necesario realizar los diferentes tr\u00e1mites relacionados con la Seguridad Social i la Hacienda P\u00fablica.<\/p>\n<p>Tamb\u00e9 caldr\u00e0 realitzar els diferents tr\u00e0mits relacionats amb la Seguretat Social i la Hisenda P\u00fablica.<\/p>\n<p><strong>Inscribete a las <a title=\"agenda1\" href=\"https:\/\/www.tecnocampus.cat\/de-la-idea-lempresa\/assessorament-al-teu-projecte\" target=\"_blank\" rel=\"noopener\">sesiones informativas<\/a> para m\u00e1s informaci\u00f3n<\/strong><\/p>\n<h3><\/h3>\n<h3><\/h3>\n<h3><span style=\"color: #009ee0;\">Otras obligaciones y tr\u00e1mites no municipales seg\u00fan actividad<\/span><\/h3>\n<p>Seg\u00fan la actividad a desarrollar, pueden haber otras obligaciones legales a cumplir de otros organismos, como el registro de marcas y patentes, el etiquedado, la seguridad, etc.<\/p>\n<p><strong>Inscribete a las <a title=\"agenda\" href=\"https:\/\/www.tecnocampus.cat\/de-la-idea-lempresa\/assessorament-al-teu-projecte\" target=\"_blank\" rel=\"noopener\">sesiones informativas<\/a> para m\u00e1s informaci\u00f3n.<\/strong><\/p>\n<\/div><\/div><div class=\"col-md-6\"><div class=\"cs-column-text\"><div class=\"cs-column-text\"><\/div>\n<h3><span style=\"color: #009ee0;\">Obligaciones fiscales y laborales<\/span><\/h3>\n<p>Antes de iniciar la actividad se deber\u00e1 presentar la declaraci\u00f3n censal (modelo 036 \u00f3 037) \u00a0y darse de alta del Impuesto de actividades econ\u00f3micas en la delegaci\u00f3n de Hacienda correspondiente.\u00a0En el caso de las sociedades la liquidaci\u00f3n del impuesto de transmisiones patrimoniales.<\/p>\n<p>Una vez iniciada la actividad habr\u00e1 que hacer las declaraciones de IVA, tributar por IRPF o impuesto de sociedades, hacer la declaraci\u00f3n de operaciones anual con terceros, si se hacen pagos sometidos a retenciones (por trabajadores o pagos a profesionales) hacer los modelos 111 y 190, etc<\/p>\n<p>Respecto a las obligaciones laborales, los empresarios individuales es necesario que se inscriban en el R\u00e9gimen de Aut\u00f3nomos de la Seguridad Social, y las empresas (an\u00f3nimas, limitadas, etc &#8230;) en el R\u00e9gimen General de la Seguridad Social. Har\u00e1 falta que de de alta a sus trabajadores en la Seguridad Social. Alta de la empresa en el r\u00e9gimen de accidentes de trabajo y enfermedades profesionales o en una m\u00fatua patronal de accidentes laborales.<\/p>\n<p>Libros de visita o libros de matr\u00edcula de personal: se adquieren en la direcci\u00f3n provincial del ministerio de trabajo y seguridad social. Los libros de visita reflejan las visitas que realiza la inspecci\u00f3n de trabajo en la empresa. Los libros de matr\u00edcula de personal recogen la contrataci\u00f3n de los trabajadores.<\/p>\n<\/div><\/div><\/div><\/div><\/section>\n","protected":false},"excerpt":{"rendered":"<p>\u00bfQu\u00e9 hay que tener en cuenta y qu\u00e9 tr\u00e1mites se han de realizar para iniciar un negocio? Seg\u00fan el lugar donde interese ubicar la actividad, pueden haber ordenaciones urban\u00edsticas que [&hellip;]<span class=\"entry-read-more\"><a href=\"https:\/\/www.mataroempresa.cat\/es\/empieza\/\" class=\"cs-btn cs-btn-flat cs-btn-rounded cs-btn-xxs cs-btn-flat-accent\">Leer m\u00e1s<\/a><\/span><\/p>\n","protected":false},"author":1,"featured_media":0,"parent":0,"menu_order":0,"comment_status":"closed","ping_status":"closed","template":"","meta":{"footnotes":""},"yoast_head":"<!-- This site is optimized with the Yoast SEO plugin v21.1 - https:\/\/yoast.com\/wordpress\/plugins\/seo\/ -->\n<title>Empieza - Matar\u00f3 Empresa<\/title>\n<meta name=\"robots\" content=\"index, follow, max-snippet:-1, max-image-preview:large, max-video-preview:-1\" \/>\n<link rel=\"canonical\" href=\"https:\/\/www.mataroempresa.cat\/es\/empieza\/\" \/>\n<meta property=\"og:locale\" content=\"es_ES\" \/>\n<meta property=\"og:type\" content=\"article\" \/>\n<meta property=\"og:title\" content=\"Empieza - Matar\u00f3 Empresa\" \/>\n<meta property=\"og:description\" content=\"\u00bfQu\u00e9 hay que tener en cuenta y qu\u00e9 tr\u00e1mites se han de realizar para iniciar un negocio? Seg\u00fan el lugar donde interese ubicar la actividad, pueden haber ordenaciones urban\u00edsticas que [&hellip;]\" \/>\n<meta property=\"og:url\" content=\"https:\/\/www.mataroempresa.cat\/es\/empieza\/\" \/>\n<meta property=\"og:site_name\" content=\"Matar\u00f3 Empresa\" \/>\n<meta property=\"article:modified_time\" content=\"2023-01-19T08:51:44+00:00\" \/>\n<meta property=\"og:image\" content=\"http:\/\/www.mataroempresa.cat\/wp-content\/uploads\/2014\/10\/Ban_OficinaVirtual.gif\" \/>\n<meta name=\"twitter:card\" content=\"summary_large_image\" \/>\n<meta name=\"twitter:label1\" content=\"Tiempo de lectura\" \/>\n\t<meta name=\"twitter:data1\" content=\"8 minutes\" \/>\n<script type=\"application\/ld+json\" class=\"yoast-schema-graph\">{\"@context\":\"https:\/\/schema.org\",\"@graph\":[{\"@type\":\"WebPage\",\"@id\":\"https:\/\/www.mataroempresa.cat\/es\/empieza\/\",\"url\":\"https:\/\/www.mataroempresa.cat\/es\/empieza\/\",\"name\":\"Empieza - Matar\u00f3 Empresa\",\"isPartOf\":{\"@id\":\"https:\/\/www.mataroempresa.cat\/es\/#website\"},\"datePublished\":\"2014-10-27T17:58:13+00:00\",\"dateModified\":\"2023-01-19T08:51:44+00:00\",\"breadcrumb\":{\"@id\":\"https:\/\/www.mataroempresa.cat\/es\/empieza\/#breadcrumb\"},\"inLanguage\":\"es-ES\",\"potentialAction\":[{\"@type\":\"ReadAction\",\"target\":[\"https:\/\/www.mataroempresa.cat\/es\/empieza\/\"]}]},{\"@type\":\"BreadcrumbList\",\"@id\":\"https:\/\/www.mataroempresa.cat\/es\/empieza\/#breadcrumb\",\"itemListElement\":[{\"@type\":\"ListItem\",\"position\":1,\"name\":\"Inici\",\"item\":\"https:\/\/www.mataroempresa.cat\/es\/\"},{\"@type\":\"ListItem\",\"position\":2,\"name\":\"Empieza\"}]},{\"@type\":\"WebSite\",\"@id\":\"https:\/\/www.mataroempresa.cat\/es\/#website\",\"url\":\"https:\/\/www.mataroempresa.cat\/es\/\",\"name\":\"Matar\u00f3 Empresa\",\"description\":\"Matar\u00f3 Empresa\",\"potentialAction\":[{\"@type\":\"SearchAction\",\"target\":{\"@type\":\"EntryPoint\",\"urlTemplate\":\"https:\/\/www.mataroempresa.cat\/es\/?s={search_term_string}\"},\"query-input\":\"required name=search_term_string\"}],\"inLanguage\":\"es-ES\"}]}<\/script>\n<!-- \/ Yoast SEO plugin. -->","yoast_head_json":{"title":"Empieza - Matar\u00f3 Empresa","robots":{"index":"index","follow":"follow","max-snippet":"max-snippet:-1","max-image-preview":"max-image-preview:large","max-video-preview":"max-video-preview:-1"},"canonical":"https:\/\/www.mataroempresa.cat\/es\/empieza\/","og_locale":"es_ES","og_type":"article","og_title":"Empieza - Matar\u00f3 Empresa","og_description":"\u00bfQu\u00e9 hay que tener en cuenta y qu\u00e9 tr\u00e1mites se han de realizar para iniciar un negocio? Seg\u00fan el lugar donde interese ubicar la actividad, pueden haber ordenaciones urban\u00edsticas que [&hellip;]","og_url":"https:\/\/www.mataroempresa.cat\/es\/empieza\/","og_site_name":"Matar\u00f3 Empresa","article_modified_time":"2023-01-19T08:51:44+00:00","og_image":[{"url":"http:\/\/www.mataroempresa.cat\/wp-content\/uploads\/2014\/10\/Ban_OficinaVirtual.gif"}],"twitter_card":"summary_large_image","twitter_misc":{"Tiempo de lectura":"8 minutes"},"schema":{"@context":"https:\/\/schema.org","@graph":[{"@type":"WebPage","@id":"https:\/\/www.mataroempresa.cat\/es\/empieza\/","url":"https:\/\/www.mataroempresa.cat\/es\/empieza\/","name":"Empieza - Matar\u00f3 Empresa","isPartOf":{"@id":"https:\/\/www.mataroempresa.cat\/es\/#website"},"datePublished":"2014-10-27T17:58:13+00:00","dateModified":"2023-01-19T08:51:44+00:00","breadcrumb":{"@id":"https:\/\/www.mataroempresa.cat\/es\/empieza\/#breadcrumb"},"inLanguage":"es-ES","potentialAction":[{"@type":"ReadAction","target":["https:\/\/www.mataroempresa.cat\/es\/empieza\/"]}]},{"@type":"BreadcrumbList","@id":"https:\/\/www.mataroempresa.cat\/es\/empieza\/#breadcrumb","itemListElement":[{"@type":"ListItem","position":1,"name":"Inici","item":"https:\/\/www.mataroempresa.cat\/es\/"},{"@type":"ListItem","position":2,"name":"Empieza"}]},{"@type":"WebSite","@id":"https:\/\/www.mataroempresa.cat\/es\/#website","url":"https:\/\/www.mataroempresa.cat\/es\/","name":"Matar\u00f3 Empresa","description":"Matar\u00f3 Empresa","potentialAction":[{"@type":"SearchAction","target":{"@type":"EntryPoint","urlTemplate":"https:\/\/www.mataroempresa.cat\/es\/?s={search_term_string}"},"query-input":"required name=search_term_string"}],"inLanguage":"es-ES"}]}},"_links":{"self":[{"href":"https:\/\/www.mataroempresa.cat\/es\/wp-json\/wp\/v2\/pages\/1878"}],"collection":[{"href":"https:\/\/www.mataroempresa.cat\/es\/wp-json\/wp\/v2\/pages"}],"about":[{"href":"https:\/\/www.mataroempresa.cat\/es\/wp-json\/wp\/v2\/types\/page"}],"author":[{"embeddable":true,"href":"https:\/\/www.mataroempresa.cat\/es\/wp-json\/wp\/v2\/users\/1"}],"replies":[{"embeddable":true,"href":"https:\/\/www.mataroempresa.cat\/es\/wp-json\/wp\/v2\/comments?post=1878"}],"version-history":[{"count":21,"href":"https:\/\/www.mataroempresa.cat\/es\/wp-json\/wp\/v2\/pages\/1878\/revisions"}],"predecessor-version":[{"id":4060,"href":"https:\/\/www.mataroempresa.cat\/es\/wp-json\/wp\/v2\/pages\/1878\/revisions\/4060"}],"wp:attachment":[{"href":"https:\/\/www.mataroempresa.cat\/es\/wp-json\/wp\/v2\/media?parent=1878"}],"curies":[{"name":"wp","href":"https:\/\/api.w.org\/{rel}","templated":true}]}}