{"id":2152,"date":"2014-10-27T15:38:31","date_gmt":"2014-10-27T15:38:31","guid":{"rendered":"http:\/\/www.mataroempresa.cat\/?page_id=2152"},"modified":"2026-03-13T13:28:36","modified_gmt":"2026-03-13T13:28:36","slug":"quereis-invertir-en-mataro","status":"publish","type":"page","link":"https:\/\/www.mataroempresa.cat\/es\/quereis-invertir-en-mataro\/","title":{"rendered":"\u00bfQuer\u00e9is invertir en Matar\u00f3?"},"content":{"rendered":"<section class=\"cs-section no-padding\"><div class=\"container\"><div class=\"row\"><div class=\"col-md-12\"><div class=\"cs-column-text\"><div style=\"\" class=\"parentlayerslidercont\">\n<div data-slider_options=\"{&quot;width&quot;:&quot;848&quot;,&quot;height&quot;:&quot;430&quot;,&quot;autoplay_delay&quot;:&quot;6000&quot;,&quot;slide_bgcolor&quot;:&quot;#fff&quot;,&quot;slide_order&quot;:&quot;seq&quot;,&quot;slide_animation&quot;:&quot;fade&quot;,&quot;slider_shadow&quot;:&quot;1&quot;,&quot;arrow_color&quot;:&quot;#fff&quot;,&quot;arrow_size&quot;:1,&quot;thumbnails_position&quot;:&quot;bottom&quot;,&quot;dots_color&quot;:&quot;#000&quot;,&quot;dots_border_color&quot;:&quot;#000&quot;,&quot;dots_size&quot;:10,&quot;dots_position&quot;:&quot;bottom&quot;,&quot;selected_thumb_border_color&quot;:&quot;#000&quot;,&quot;slider_border_color&quot;:&quot;#fff&quot;,&quot;custom_css&quot;:&quot;&quot;,&quot;is_responsive&quot;:true,&quot;auto_start&quot;:false,&quot;pause_on_mouse_over&quot;:false,&quot;autoplay_vid&quot;:false,&quot;pause_slideshow_vid&quot;:true,&quot;full_width&quot;:false,&quot;thumbnails&quot;:false,&quot;thumbnails_arrow&quot;:false,&quot;full_screen&quot;:false,&quot;is_text_responsive&quot;:false,&quot;nav_arrows&quot;:false,&quot;nav_dots&quot;:false,&quot;is_slider_border_color&quot;:false,&quot;lazy_load&quot;:false,&quot;slider_order&quot;:&quot;seq&quot;}\" class=\"slider-pro wprlslayerslider\" id=\"slider3988\" data-sliderid=\"3988\" data-iwidth=\"848\" data-iheight=\"430\">\n    <div class=\"sp-slides\">\n    \t                <div class=\"sp-slide sp-slide0\" data-slideid=\"39881\" data-slideduration=\"1000\" data-animation=\"fade\">\n\n                        \n                        \n            <img class=\"sp-image\" alt=\"\" src=\"http:\/\/www.mataroempresa.cat\/wp-content\/uploads\/2014\/11\/sectors-activitat.jpg\" \/>\n            \n            \n                        \n                               \n            <\/div>\n    \t    \n<\/div>\n<\/div>\n<\/div> <!-- end slider -->\n<!-- CUSTOM CSS -->\n<style><\/style>\n<!-- END CUSTOM CSS --><hr class=\"cs-space\" style=\"margin-top:30px\"><\/p>\n<\/div><\/div><\/div><\/div><\/section><section class=\"cs-section no-padding\"><div class=\"container\"><div class=\"row\"><div class=\"col-md-6\"><div class=\"cs-column-text\"><h3><span style=\"color: #009ee0;\">Invest in Matar\u00f3<\/span><\/h3>\n<p>Invest in Matar\u00f3\u00a0es la estrategia impulsada por el Ayuntamiento de Matar\u00f3 y el Tecnocampus con la misi\u00f3n de ofrecer y consolidar Matar\u00f3 como ciudad llena de oportunidades de negocio, una ciudad &#8220;business-friendly&#8221; y con facilidades de instalaci\u00f3n de empresas para desarrollar nuevos proyectos que generen actividad econ\u00f3mica o de conocimiento, a la hora que genere ocupaci\u00f3n de calidad.<\/p>\n<\/div><\/div><div class=\"col-md-6\"><div class=\"cs-column-text\"><p><img width=\"1024\" height=\"681\" src=\"https:\/\/www.mataroempresa.cat\/wp-content\/uploads\/2014\/10\/2015-01-27-17.11.13-C\u00f2pia.jpg\" class=\"attachment-full size-full\" alt=\"\" decoding=\"async\" loading=\"lazy\" srcset=\"https:\/\/www.mataroempresa.cat\/wp-content\/uploads\/2014\/10\/2015-01-27-17.11.13-C\u00f2pia.jpg 1024w, https:\/\/www.mataroempresa.cat\/wp-content\/uploads\/2014\/10\/2015-01-27-17.11.13-C\u00f2pia-300x199.jpg 300w\" sizes=\"(max-width: 1024px) 100vw, 1024px\" \/><hr class=\"cs-space\" style=\"margin-top:20px\"><\/p>\n<\/div><\/div><\/div><\/div><\/section><section class=\"cs-section no-padding\"><div class=\"container\"><div class=\"row\"><div class=\"col-md-12\"><div class=\"cs-column-text\"><hr class=\"cs-divider\" style=\"border-color:#a9d3d8;\" \/>\n<\/div><\/div><\/div><\/div><\/section><section class=\"cs-section no-padding\"><div class=\"container\"><div class=\"row\"><div class=\"col-md-6\"><div class=\"cs-column-text\"><p><hr class=\"cs-space\" style=\"margin-top:10px\"><div class=\"cs-column-text\"><\/div>\n<h3><span style=\"color: #009ee0;\">\u00bfTienes un proyecto\u00a0empresarial de base tecnol\u00f3gica o innovadora?<\/span><\/h3>\n<p><a href=\"https:\/\/www.tecnocampus.cat\/es\/espais-installar-lempresa\/la-incubadora-del-tecnocampus\" target=\"_blank\" rel=\"noopener\">La Incubadora de TECNOCAMPUS<\/a>\u00a0es una plataforma de impulso al desarrollo de empresas de base tecnol\u00f3gica o innovadoras. Ofrece servicios a proyectos en fase de nacimiento para ayudarlos a convertirse en empresas consolidadas y competitivas con un programa de acciones basadas en el conocimiento, consultor\u00eda, capital, redes y comunicaci\u00f3n empresarial.<\/p>\n<\/div><\/div><div class=\"col-md-6\"><div class=\"cs-column-text\"><p><hr class=\"cs-space\" style=\"margin-top:10px\"><img width=\"1024\" height=\"681\" src=\"https:\/\/www.mataroempresa.cat\/wp-content\/uploads\/2014\/12\/2015-01-30-09.18.15-C\u00f2pia.jpg\" class=\"attachment-full size-full\" alt=\"\" decoding=\"async\" loading=\"lazy\" srcset=\"https:\/\/www.mataroempresa.cat\/wp-content\/uploads\/2014\/12\/2015-01-30-09.18.15-C\u00f2pia.jpg 1024w, https:\/\/www.mataroempresa.cat\/wp-content\/uploads\/2014\/12\/2015-01-30-09.18.15-C\u00f2pia-300x199.jpg 300w\" sizes=\"(max-width: 1024px) 100vw, 1024px\" \/><hr class=\"cs-space\" style=\"margin-top:20px\"><\/p>\n<\/div><\/div><\/div><\/div><\/section><section class=\"cs-section no-padding\"><div class=\"container\"><div class=\"row\"><div class=\"col-md-12\"><div class=\"cs-column-text\"><hr class=\"cs-divider\" style=\"border-color:#a9d3d8;\" \/>\n<\/div><\/div><\/div><\/div><\/section><section class=\"cs-section no-padding\"><div class=\"container\"><div class=\"row\"><div class=\"col-md-6\"><div class=\"cs-column-text\"><p><hr class=\"cs-space\" style=\"margin-top:10px\"><div class=\"cs-column-text\"><\/div>\n<h3><span style=\"color: #009ee0;\">\u00bfQuieres iniciar una actividad comercial?<\/span><\/h3>\n<p>Matar\u00f3 dispone de una oferta comercial alrededor de 2.000 establecimientos que suponen una superficie superior a 200.000m2.<br \/>\nSe distinguen 2 tipo de <a href=\"http:\/\/www.mataro.cat\/portal\/ca\/Comerc\/eixos_comercials\/index.html\" target=\"_blank\" rel=\"noopener\"><strong>comercio<\/strong> <\/a>: comercio periferia y comercio urbano. En el centro hist\u00f3rico y en el Ensanche encontramos los dos <a href=\"http:\/\/www.mataro.cat\/portal\/ca\/Comerc\/mercats\/index.html\" target=\"_blank\" rel=\"noopener\"><strong>mercados municipales<\/strong><\/a> . Matar\u00f3 tambi\u00e9n dispone de varias <a href=\"http:\/\/www.mataro.cat\/portal\/ca\/Comerc\/fires\/index.html\" target=\"_blank\" rel=\"noopener\"><strong>ferias comerciales.<\/strong><\/a><\/p>\n<\/div><\/div><div class=\"col-md-6\"><div class=\"cs-column-text\"><p><hr class=\"cs-space\" style=\"margin-top:10px\"><img width=\"1024\" height=\"681\" src=\"https:\/\/www.mataroempresa.cat\/wp-content\/uploads\/2014\/10\/2015-02-05-16.50.26-C\u00f2pia.jpg\" class=\"attachment-full size-full\" alt=\"\" decoding=\"async\" loading=\"lazy\" srcset=\"https:\/\/www.mataroempresa.cat\/wp-content\/uploads\/2014\/10\/2015-02-05-16.50.26-C\u00f2pia.jpg 1024w, https:\/\/www.mataroempresa.cat\/wp-content\/uploads\/2014\/10\/2015-02-05-16.50.26-C\u00f2pia-300x199.jpg 300w\" sizes=\"(max-width: 1024px) 100vw, 1024px\" \/><hr class=\"cs-space\" style=\"margin-top:20px\"><\/p>\n<\/div><\/div><div class=\"col-md-12\"><div class=\"cs-column-text\"><hr class=\"cs-divider\" \/>\n<\/div><\/div><\/div><\/div><\/section><section class=\"cs-section no-padding\"><div class=\"container\"><div class=\"row\"><div class=\"col-md-6\"><div class=\"cs-column-text\"><p><hr class=\"cs-space\" style=\"margin-top:10px\"><div class=\"cs-column-text\"><\/div>\n<h3><span style=\"color: #009ee0;\">Zona industrial<\/span><\/h3>\n<p>La ciudad dispone de siete Pol\u00edgonos de Actividad Econ\u00f3mica donde se concentran gran parte de las empresas del muncipio. La oferta del suelo industrial se complementa con el Centro de Negocios ubicado en el Parque Cient\u00edfico y de la Innovaci\u00f3n Tecnocampus, donde tamb\u00e9n est\u00e1 ubicado el Centro Tecnol\u00f3gico CETEMMSA.<\/p>\n<\/div><\/div><div class=\"col-md-6\"><div class=\"cs-column-text\"><p><hr class=\"cs-space\" style=\"margin-top:10px\"><img width=\"927\" height=\"681\" src=\"https:\/\/www.mataroempresa.cat\/wp-content\/uploads\/2014\/10\/hortes-del-cami-ral-52.jpg\" class=\"attachment-full size-full\" alt=\"\" decoding=\"async\" loading=\"lazy\" srcset=\"https:\/\/www.mataroempresa.cat\/wp-content\/uploads\/2014\/10\/hortes-del-cami-ral-52.jpg 927w, https:\/\/www.mataroempresa.cat\/wp-content\/uploads\/2014\/10\/hortes-del-cami-ral-52-300x220.jpg 300w\" sizes=\"(max-width: 927px) 100vw, 927px\" \/><hr class=\"cs-space\" style=\"margin-top:20px\"><\/p>\n<\/div><\/div><div class=\"col-md-12\"><div class=\"cs-column-text\"><hr class=\"cs-divider\" \/>\n<\/div><\/div><div class=\"col-md-6\"><div class=\"cs-column-text\"><p><hr class=\"cs-space\" style=\"margin-top:10px\"><div class=\"cs-column-text\"><\/div>\n<h3><span style=\"color: #009ee0;\">Zona Mar\u00edtima<\/span><\/h3>\n<p>Matar\u00f3, la ciudad costera m\u00e1s grande que hay entre Barcelona y Francia, ha hecho una apuesta estrat\u00e9gica de posicionamiento a nivel internacional como capital n\u00e1utica y mar\u00edtima, y tiene la voluntad de convertirse, en alianza con Barcelona y Maresme, en el cl\u00faster n\u00e1utico de referencia a la Mediterr\u00e1nea. El Puerto de Matar\u00f3 y la reciente creada asociaci\u00f3n la Asociaci\u00f3n Maresme Mar\u00edtimo, son los elementos clave para la consolidaci\u00f3n de un cl\u00faster en\u00a0la comarca para fomentar las actividades econ\u00f3micas vinculadas al mar.<\/p>\n<\/div><\/div><div class=\"col-md-6\"><div class=\"cs-column-text\"><p><hr class=\"cs-space\" style=\"margin-top:10px\"><img width=\"1024\" height=\"680\" src=\"https:\/\/www.mataroempresa.cat\/wp-content\/uploads\/2014\/10\/marine-sports.jpg\" class=\"attachment-full size-full\" alt=\"\" decoding=\"async\" loading=\"lazy\" srcset=\"https:\/\/www.mataroempresa.cat\/wp-content\/uploads\/2014\/10\/marine-sports.jpg 1024w, https:\/\/www.mataroempresa.cat\/wp-content\/uploads\/2014\/10\/marine-sports-300x199.jpg 300w\" sizes=\"(max-width: 1024px) 100vw, 1024px\" \/><hr class=\"cs-space\" style=\"margin-top:20px\"><\/p>\n<\/div><\/div><div class=\"col-md-12\"><div class=\"cs-column-text\"><hr class=\"cs-divider\" style=\"border-color:#a9d3d8;\" \/>\n<\/div><\/div><\/div><\/div><\/section><section class=\"cs-section no-padding\"><div class=\"container\"><div class=\"row\"><div class=\"col-md-12\"><div class=\"cs-column-text\"><h3><span style=\"color: #009ee0;\">Recursos \u00fatils per sectors:<\/span><\/h3>\n<\/div><section class=\"cs-section\"><div class=\"container\"><div class=\"row\"><div class=\"col-md-3\"><div class=\"cs-fancybox cs-fancybox-custom cs-fancybox-outlined cs-fancybox-tc cs-fancybox-lg\" style=\"border-color:#009ee0;\"><div class=\"cs-in im im-chess cs-icon cs-icon-custom cs-icon-bgcolor cs-icon-circle cs-icon-lg\" style=\"background-color:#009ee0;\"><\/div><h4 class=\"cs-fancybox-heading\">Textil<\/h4><div class=\"cs-fancybox-text\"><p><a href=\"https:\/\/www.tecnocampus.cat\/es\/clusters\/textil\" target=\"_blank\" rel=\"noopener\">Programa Tecnocampus T\u00e8xtil<\/a><br \/>\n<a title=\"coopera t\u00e8xtil\" href=\"http:\/\/www.cooperatextil.com\/\" target=\"_blank\" rel=\"noopener\">Coopera t\u00e8xtil<\/a><br \/>\n<a title=\"tex4future\" href=\"http:\/\/www.tex4future.net\/\" target=\"_blank\" rel=\"noopener\">Portal tex4Future<\/a><br \/>\n<a title=\"ASEGEMA\" href=\"http:\/\/www.asegema.org\/\" target=\"_blank\" rel=\"noopener\">ASEGEMA<\/a><br \/>\n<a title=\"CETEMMSA\" href=\"http:\/\/www.cetemmsa.com\/\" target=\"_blank\" rel=\"noopener\">CETEMMSA<\/a><\/p>\n<\/div><\/div><hr class=\"cs-space\" style=\"margin-top:20px\"><\/div><div class=\"col-md-3\"><div class=\"cs-fancybox cs-fancybox-custom cs-fancybox-outlined cs-fancybox-tc cs-fancybox-lg\" style=\"border-color:#009ee0;\"><div class=\"cs-in im im-boat cs-icon cs-icon-custom cs-icon-bgcolor cs-icon-circle cs-icon-lg\" style=\"background-color:#009ee0;\"><\/div><h4 class=\"cs-fancybox-heading\">Mar\u00edtimo<\/h4><div class=\"cs-fancybox-text\"><p><a title=\"maresme maritim\" href=\"http:\/\/www.tecnocampus.cat\/ca\/clusters\/maritim\" target=\"_blank\" rel=\"noopener\">Maresme Mar\u00edtim<\/a><\/p>\n<\/div><\/div><hr class=\"cs-space\" style=\"margin-top:20px\"><\/div><div class=\"col-md-3\"><div class=\"cs-fancybox cs-fancybox-custom cs-fancybox-outlined cs-fancybox-tc cs-fancybox-lg\" style=\"border-color:#009ee0;\"><div class=\"cs-in im im-basketball cs-icon cs-icon-custom cs-icon-bgcolor cs-icon-circle cs-icon-lg\" style=\"background-color:#009ee0;\"><\/div><h4 class=\"cs-fancybox-heading\">Deportes<\/h4><div class=\"cs-fancybox-text\"><p><a title=\"Sportnomia\" href=\"http:\/\/www.tecnocampus.cat\/ca\/clusters\/sportnomia\" target=\"_blank\" rel=\"noopener\">Sportnomia<\/a><br \/>\n<a title=\"INDESCAT\" href=\"http:\/\/www.indescat.org\/\" target=\"_blank\" rel=\"noopener\">INDESCAT<\/a><\/p>\n<\/div><\/div><hr class=\"cs-space\" style=\"margin-top:20px\"><\/div><div class=\"col-md-3\"><div class=\"cs-fancybox cs-fancybox-custom cs-fancybox-outlined cs-fancybox-tc cs-fancybox-lg\" style=\"border-color:#009ee0;\"><div class=\"cs-in im im-mobile cs-icon cs-icon-custom cs-icon-bgcolor cs-icon-circle cs-icon-lg\" style=\"background-color:#009ee0;\"><\/div><h4 class=\"cs-fancybox-heading\">Tecnologias<\/h4><div class=\"cs-fancybox-text\"><p><a title=\"CETEMMSA\" href=\"http:\/\/www.cetemmsa.com\/\" target=\"_blank\" rel=\"noopener\">CETEMMSA<\/a><br \/>\n<a title=\"TICSALUT\" href=\"http:\/\/www.ticsalut.cat\/\" target=\"_blank\" rel=\"noopener\">TICSALUT<\/a><\/p>\n<\/div><\/div><hr class=\"cs-space\" style=\"margin-top:20px\"><\/div><\/div><\/div><\/section><\/div><div class=\"col-md-12\"><\/div><\/div><\/div><\/section>\n","protected":false},"excerpt":{"rendered":"<p><span class=\"entry-read-more\"><a href=\"https:\/\/www.mataroempresa.cat\/es\/quereis-invertir-en-mataro\/\" class=\"cs-btn cs-btn-flat cs-btn-rounded cs-btn-xxs cs-btn-flat-accent\">Leer m\u00e1s<\/a><\/span><\/p>\n","protected":false},"author":1,"featured_media":0,"parent":0,"menu_order":0,"comment_status":"closed","ping_status":"closed","template":"","meta":{"footnotes":""},"yoast_head":"<!-- This site is optimized with the Yoast SEO plugin v21.1 - https:\/\/yoast.com\/wordpress\/plugins\/seo\/ -->\n<title>\u00bfQuer\u00e9is invertir en Matar\u00f3? - Matar\u00f3 Empresa<\/title>\n<meta name=\"robots\" content=\"index, follow, max-snippet:-1, max-image-preview:large, max-video-preview:-1\" \/>\n<link rel=\"canonical\" href=\"https:\/\/www.mataroempresa.cat\/es\/quereis-invertir-en-mataro\/\" \/>\n<meta property=\"og:locale\" content=\"es_ES\" \/>\n<meta property=\"og:type\" content=\"article\" \/>\n<meta property=\"og:title\" content=\"\u00bfQuer\u00e9is invertir en Matar\u00f3? - Matar\u00f3 Empresa\" \/>\n<meta property=\"og:url\" content=\"https:\/\/www.mataroempresa.cat\/es\/quereis-invertir-en-mataro\/\" \/>\n<meta property=\"og:site_name\" content=\"Matar\u00f3 Empresa\" \/>\n<meta property=\"article:modified_time\" content=\"2026-03-13T13:28:36+00:00\" \/>\n<meta name=\"twitter:card\" content=\"summary_large_image\" \/>\n<meta name=\"twitter:label1\" content=\"Tiempo de lectura\" \/>\n\t<meta name=\"twitter:data1\" content=\"3 minutes\" \/>\n<script type=\"application\/ld+json\" class=\"yoast-schema-graph\">{\"@context\":\"https:\/\/schema.org\",\"@graph\":[{\"@type\":\"WebPage\",\"@id\":\"https:\/\/www.mataroempresa.cat\/es\/quereis-invertir-en-mataro\/\",\"url\":\"https:\/\/www.mataroempresa.cat\/es\/quereis-invertir-en-mataro\/\",\"name\":\"\u00bfQuer\u00e9is invertir en Matar\u00f3? - Matar\u00f3 Empresa\",\"isPartOf\":{\"@id\":\"https:\/\/www.mataroempresa.cat\/es\/#website\"},\"datePublished\":\"2014-10-27T15:38:31+00:00\",\"dateModified\":\"2026-03-13T13:28:36+00:00\",\"breadcrumb\":{\"@id\":\"https:\/\/www.mataroempresa.cat\/es\/quereis-invertir-en-mataro\/#breadcrumb\"},\"inLanguage\":\"es-ES\",\"potentialAction\":[{\"@type\":\"ReadAction\",\"target\":[\"https:\/\/www.mataroempresa.cat\/es\/quereis-invertir-en-mataro\/\"]}]},{\"@type\":\"BreadcrumbList\",\"@id\":\"https:\/\/www.mataroempresa.cat\/es\/quereis-invertir-en-mataro\/#breadcrumb\",\"itemListElement\":[{\"@type\":\"ListItem\",\"position\":1,\"name\":\"Inici\",\"item\":\"https:\/\/www.mataroempresa.cat\/es\/\"},{\"@type\":\"ListItem\",\"position\":2,\"name\":\"\u00bfQuer\u00e9is invertir en Matar\u00f3?\"}]},{\"@type\":\"WebSite\",\"@id\":\"https:\/\/www.mataroempresa.cat\/es\/#website\",\"url\":\"https:\/\/www.mataroempresa.cat\/es\/\",\"name\":\"Matar\u00f3 Empresa\",\"description\":\"Matar\u00f3 Empresa\",\"potentialAction\":[{\"@type\":\"SearchAction\",\"target\":{\"@type\":\"EntryPoint\",\"urlTemplate\":\"https:\/\/www.mataroempresa.cat\/es\/?s={search_term_string}\"},\"query-input\":\"required name=search_term_string\"}],\"inLanguage\":\"es-ES\"}]}<\/script>\n<!-- \/ Yoast SEO plugin. -->","yoast_head_json":{"title":"\u00bfQuer\u00e9is invertir en Matar\u00f3? - Matar\u00f3 Empresa","robots":{"index":"index","follow":"follow","max-snippet":"max-snippet:-1","max-image-preview":"max-image-preview:large","max-video-preview":"max-video-preview:-1"},"canonical":"https:\/\/www.mataroempresa.cat\/es\/quereis-invertir-en-mataro\/","og_locale":"es_ES","og_type":"article","og_title":"\u00bfQuer\u00e9is invertir en Matar\u00f3? - Matar\u00f3 Empresa","og_url":"https:\/\/www.mataroempresa.cat\/es\/quereis-invertir-en-mataro\/","og_site_name":"Matar\u00f3 Empresa","article_modified_time":"2026-03-13T13:28:36+00:00","twitter_card":"summary_large_image","twitter_misc":{"Tiempo de lectura":"3 minutes"},"schema":{"@context":"https:\/\/schema.org","@graph":[{"@type":"WebPage","@id":"https:\/\/www.mataroempresa.cat\/es\/quereis-invertir-en-mataro\/","url":"https:\/\/www.mataroempresa.cat\/es\/quereis-invertir-en-mataro\/","name":"\u00bfQuer\u00e9is invertir en Matar\u00f3? - Matar\u00f3 Empresa","isPartOf":{"@id":"https:\/\/www.mataroempresa.cat\/es\/#website"},"datePublished":"2014-10-27T15:38:31+00:00","dateModified":"2026-03-13T13:28:36+00:00","breadcrumb":{"@id":"https:\/\/www.mataroempresa.cat\/es\/quereis-invertir-en-mataro\/#breadcrumb"},"inLanguage":"es-ES","potentialAction":[{"@type":"ReadAction","target":["https:\/\/www.mataroempresa.cat\/es\/quereis-invertir-en-mataro\/"]}]},{"@type":"BreadcrumbList","@id":"https:\/\/www.mataroempresa.cat\/es\/quereis-invertir-en-mataro\/#breadcrumb","itemListElement":[{"@type":"ListItem","position":1,"name":"Inici","item":"https:\/\/www.mataroempresa.cat\/es\/"},{"@type":"ListItem","position":2,"name":"\u00bfQuer\u00e9is invertir en Matar\u00f3?"}]},{"@type":"WebSite","@id":"https:\/\/www.mataroempresa.cat\/es\/#website","url":"https:\/\/www.mataroempresa.cat\/es\/","name":"Matar\u00f3 Empresa","description":"Matar\u00f3 Empresa","potentialAction":[{"@type":"SearchAction","target":{"@type":"EntryPoint","urlTemplate":"https:\/\/www.mataroempresa.cat\/es\/?s={search_term_string}"},"query-input":"required name=search_term_string"}],"inLanguage":"es-ES"}]}},"_links":{"self":[{"href":"https:\/\/www.mataroempresa.cat\/es\/wp-json\/wp\/v2\/pages\/2152"}],"collection":[{"href":"https:\/\/www.mataroempresa.cat\/es\/wp-json\/wp\/v2\/pages"}],"about":[{"href":"https:\/\/www.mataroempresa.cat\/es\/wp-json\/wp\/v2\/types\/page"}],"author":[{"embeddable":true,"href":"https:\/\/www.mataroempresa.cat\/es\/wp-json\/wp\/v2\/users\/1"}],"replies":[{"embeddable":true,"href":"https:\/\/www.mataroempresa.cat\/es\/wp-json\/wp\/v2\/comments?post=2152"}],"version-history":[{"count":21,"href":"https:\/\/www.mataroempresa.cat\/es\/wp-json\/wp\/v2\/pages\/2152\/revisions"}],"predecessor-version":[{"id":12432,"href":"https:\/\/www.mataroempresa.cat\/es\/wp-json\/wp\/v2\/pages\/2152\/revisions\/12432"}],"wp:attachment":[{"href":"https:\/\/www.mataroempresa.cat\/es\/wp-json\/wp\/v2\/media?parent=2152"}],"curies":[{"name":"wp","href":"https:\/\/api.w.org\/{rel}","templated":true}]}}